{"id":29,"date":"2024-02-03T10:41:08","date_gmt":"2024-02-03T10:41:08","guid":{"rendered":"https:\/\/actualidadereligiosa.pt\/en\/?page_id=29"},"modified":"2024-02-05T18:53:23","modified_gmt":"2024-02-05T18:53:23","slug":"published-books","status":"publish","type":"page","link":"https:\/\/actualidadereligiosa.pt\/en\/published-books\/","title":{"rendered":"Published books"},"content":{"rendered":"\t\t<div data-elementor-type=\"wp-page\" data-elementor-id=\"29\" class=\"elementor elementor-29\">\n\t\t\t\t<div class=\"elementor-element elementor-element-b952645 e-flex e-con-boxed e-con e-parent\" data-id=\"b952645\" data-element_type=\"container\">\n\t\t\t\t\t<div class=\"e-con-inner\">\n\t\t<div class=\"elementor-element elementor-element-d49e0c8 e-con-full e-flex e-con e-child\" data-id=\"d49e0c8\" data-element_type=\"container\">\n\t\t\t\t<div class=\"elementor-element elementor-element-da68805 elementor-widget elementor-widget-image\" data-id=\"da68805\" data-element_type=\"widget\" data-widget_type=\"image.default\">\n\t\t\t\t<div class=\"elementor-widget-container\">\n\t\t\t\t\t\t\t\t\t\t\t\t\t\t\t\t<a href=\"https:\/\/www.principia.pt\/product\/temas-de-etica\/\" target=\"_blank\">\n\t\t\t\t\t\t\t<img fetchpriority=\"high\" decoding=\"async\" width=\"536\" height=\"872\" src=\"https:\/\/actualidadereligiosa.pt\/en\/wp-content\/uploads\/sites\/2\/2024\/02\/TemasEtica.png\" class=\"attachment-large size-large wp-image-216\" alt=\"\" srcset=\"https:\/\/actualidadereligiosa.pt\/en\/wp-content\/uploads\/sites\/2\/2024\/02\/TemasEtica.png 536w, https:\/\/actualidadereligiosa.pt\/en\/wp-content\/uploads\/sites\/2\/2024\/02\/TemasEtica-184x300.png 184w, https:\/\/actualidadereligiosa.pt\/en\/wp-content\/uploads\/sites\/2\/2024\/02\/TemasEtica-526x855.png 526w\" sizes=\"(max-width: 536px) 100vw, 536px\" \/>\t\t\t\t\t\t\t\t<\/a>\n\t\t\t\t\t\t\t\t\t\t\t\t\t\t\t<\/div>\n\t\t\t\t<\/div>\n\t\t\t\t<\/div>\n\t\t<div class=\"elementor-element elementor-element-2621b09 e-con-full e-flex e-con e-child\" data-id=\"2621b09\" data-element_type=\"container\">\n\t\t\t\t<div class=\"elementor-element elementor-element-2ccf219 elementor-widget elementor-widget-text-editor\" data-id=\"2ccf219\" data-element_type=\"widget\" data-widget_type=\"text-editor.default\">\n\t\t\t\t<div class=\"elementor-widget-container\">\n\t\t\t\t\t\t\t\t\t<h2>Temas de \u00c9tica \u2013 Reflex\u00f5es e Desafios\u00a0<\/h2><p>\u00c9 o resultado do prop\u00f3sito de contribuir para uma maior consciencializa\u00e7\u00e3o dos imperativos axiol\u00f3gicos e, consequentemente, para uma \u00e9tica intensiva, respons\u00e1vel e desafiante, uma \u00e9tica verdadeiramente amiga da pessoa. Com esta iniciativa, apresentam-se abordagens, reflex\u00f5es, estudos e contributos centrados na imprescind\u00edvel conjuga\u00e7\u00e3o entre direitos e deveres, no fortalecimento do sentido de responsabilidade, no primado da virtude e da exemplaridade, como raz\u00e3o de ser de todas as formas de relacionamento e de lideran\u00e7a.<\/p>\t\t\t\t\t\t\t\t<\/div>\n\t\t\t\t<\/div>\n\t\t\t\t<\/div>\n\t\t\t\t\t<\/div>\n\t\t\t\t<\/div>\n\t\t<div class=\"elementor-element elementor-element-2d4a249 e-flex e-con-boxed e-con e-parent\" data-id=\"2d4a249\" data-element_type=\"container\">\n\t\t\t\t\t<div class=\"e-con-inner\">\n\t\t<div class=\"elementor-element elementor-element-54944b1 e-con-full e-flex e-con e-child\" data-id=\"54944b1\" data-element_type=\"container\">\n\t\t\t\t<div class=\"elementor-element elementor-element-3499036 elementor-widget elementor-widget-image\" data-id=\"3499036\" data-element_type=\"widget\" data-widget_type=\"image.default\">\n\t\t\t\t<div class=\"elementor-widget-container\">\n\t\t\t\t\t\t\t\t\t\t\t\t\t\t\t\t<a href=\"https:\/\/www.amazon.co.uk\/One-Thousand-Miles-Jamor-Portuguese-ebook\/dp\/B08HBCZX6F?ref_=ast_author_dp\" target=\"_blank\">\n\t\t\t\t\t\t\t<img decoding=\"async\" width=\"298\" height=\"466\" src=\"https:\/\/actualidadereligiosa.pt\/en\/wp-content\/uploads\/sites\/2\/2024\/02\/onethousandmilestojamor.jpg\" class=\"attachment-large size-large wp-image-221\" alt=\"\" srcset=\"https:\/\/actualidadereligiosa.pt\/en\/wp-content\/uploads\/sites\/2\/2024\/02\/onethousandmilestojamor.jpg 298w, https:\/\/actualidadereligiosa.pt\/en\/wp-content\/uploads\/sites\/2\/2024\/02\/onethousandmilestojamor-192x300.jpg 192w\" sizes=\"(max-width: 298px) 100vw, 298px\" \/>\t\t\t\t\t\t\t\t<\/a>\n\t\t\t\t\t\t\t\t\t\t\t\t\t\t\t<\/div>\n\t\t\t\t<\/div>\n\t\t\t\t<\/div>\n\t\t<div class=\"elementor-element elementor-element-d0d0fd5 e-con-full e-flex e-con e-child\" data-id=\"d0d0fd5\" data-element_type=\"container\">\n\t\t\t\t<div class=\"elementor-element elementor-element-c698324 elementor-widget elementor-widget-text-editor\" data-id=\"c698324\" data-element_type=\"widget\" data-widget_type=\"text-editor.default\">\n\t\t\t\t<div class=\"elementor-widget-container\">\n\t\t\t\t\t\t\t\t\t<h2 id=\"title\" class=\"a-spacing-none a-text-normal\"><span id=\"productTitle\" class=\"a-size-extra-large celwidget\" data-csa-c-id=\"17pvzm-wa6box-6fv0hf-nzte97\" data-cel-widget=\"productTitle\">One Thousand Miles from Jamor: A Journey Into Portuguese Football<\/span><\/h2><p>Filipe Stilwell d&#8217;Avillez takes us on a fascinating journey into the colourful world of the Portuguese Cup. The book provides a unique window into the footballing culture of a country that lives and breathes the beautiful game, culminating with the Jamor experience when fans gather to sing, drink and feast outside the stadium on cup final day.<\/p>\t\t\t\t\t\t\t\t<\/div>\n\t\t\t\t<\/div>\n\t\t\t\t<\/div>\n\t\t\t\t\t<\/div>\n\t\t\t\t<\/div>\n\t\t<div class=\"elementor-element elementor-element-5ef54ae e-flex e-con-boxed e-con e-parent\" data-id=\"5ef54ae\" data-element_type=\"container\">\n\t\t\t\t\t<div class=\"e-con-inner\">\n\t\t<div class=\"elementor-element elementor-element-c219cb7 e-con-full e-flex e-con e-child\" data-id=\"c219cb7\" data-element_type=\"container\">\n\t\t\t\t<div class=\"elementor-element elementor-element-2d3dd15 elementor-widget elementor-widget-image\" data-id=\"2d3dd15\" data-element_type=\"widget\" data-widget_type=\"image.default\">\n\t\t\t\t<div class=\"elementor-widget-container\">\n\t\t\t\t\t\t\t\t\t\t\t\t\t\t\t\t<a href=\"https:\/\/www.wook.pt\/livro\/rumo-ao-jamor-filipe-d-avillez\/23371779\" target=\"_blank\">\n\t\t\t\t\t\t\t<img decoding=\"async\" width=\"300\" height=\"450\" src=\"https:\/\/actualidadereligiosa.pt\/en\/wp-content\/uploads\/sites\/2\/2024\/02\/rumoaojamor.webp\" class=\"attachment-large size-large wp-image-31\" alt=\"\" srcset=\"https:\/\/actualidadereligiosa.pt\/en\/wp-content\/uploads\/sites\/2\/2024\/02\/rumoaojamor.webp 300w, https:\/\/actualidadereligiosa.pt\/en\/wp-content\/uploads\/sites\/2\/2024\/02\/rumoaojamor-200x300.webp 200w\" sizes=\"(max-width: 300px) 100vw, 300px\" \/>\t\t\t\t\t\t\t\t<\/a>\n\t\t\t\t\t\t\t\t\t\t\t\t\t\t\t<\/div>\n\t\t\t\t<\/div>\n\t\t\t\t<\/div>\n\t\t<div class=\"elementor-element elementor-element-d333f09 e-con-full e-flex e-con e-child\" data-id=\"d333f09\" data-element_type=\"container\">\n\t\t\t\t<div class=\"elementor-element elementor-element-b63047a elementor-widget elementor-widget-text-editor\" data-id=\"b63047a\" data-element_type=\"widget\" data-widget_type=\"text-editor.default\">\n\t\t\t\t<div class=\"elementor-widget-container\">\n\t\t\t\t\t\t\t\t\t<h2 class=\"wp-block-heading\">Rumo ao Jamor<\/h2>\n<p>Filipe d\u2019Avillez, conhecido jornalista da R\u00e1dio Renascen\u00e7a, percorreu parte do pa\u00eds do futebol, dos clubes mais pequenos aos maiores, dos mais desconhecidos aos que ocupam as primeiras p\u00e1ginas dos jornais, atrav\u00e9s das respetivas participa\u00e7\u00f5es naquela que \u00e9 unanimemente considerada a \u201cfesta do futebol\u201d em Portugal. Um relato sobre clubes, personagens, feitos, curiosidades, hist\u00f3rias e tudo o mais de que \u00e9 feito o futebol real.<\/p>\t\t\t\t\t\t\t\t<\/div>\n\t\t\t\t<\/div>\n\t\t\t\t<\/div>\n\t\t\t\t\t<\/div>\n\t\t\t\t<\/div>\n\t\t<div class=\"elementor-element elementor-element-97a4b9e e-flex e-con-boxed e-con e-parent\" data-id=\"97a4b9e\" data-element_type=\"container\">\n\t\t\t\t\t<div class=\"e-con-inner\">\n\t\t<div class=\"elementor-element elementor-element-46e45b5 e-con-full e-flex e-con e-child\" data-id=\"46e45b5\" data-element_type=\"container\">\n\t\t\t\t<div class=\"elementor-element elementor-element-3bf7eec elementor-widget elementor-widget-image\" data-id=\"3bf7eec\" data-element_type=\"widget\" data-widget_type=\"image.default\">\n\t\t\t\t<div class=\"elementor-widget-container\">\n\t\t\t\t\t\t\t\t\t\t\t\t\t\t\t\t<a href=\"https:\/\/www.amazon.co.uk\/Jaws-Victory-History-Footballs-Nearly-ebook\/dp\/B08ML6M2XG?ref_=ast_author_dp\" target=\"_blank\">\n\t\t\t\t\t\t\t<img loading=\"lazy\" decoding=\"async\" width=\"296\" height=\"445\" src=\"https:\/\/actualidadereligiosa.pt\/en\/wp-content\/uploads\/sites\/2\/2024\/02\/fromthejawsofvictory.jpg\" class=\"attachment-large size-large wp-image-228\" alt=\"\" srcset=\"https:\/\/actualidadereligiosa.pt\/en\/wp-content\/uploads\/sites\/2\/2024\/02\/fromthejawsofvictory.jpg 296w, https:\/\/actualidadereligiosa.pt\/en\/wp-content\/uploads\/sites\/2\/2024\/02\/fromthejawsofvictory-200x300.jpg 200w\" sizes=\"(max-width: 296px) 100vw, 296px\" \/>\t\t\t\t\t\t\t\t<\/a>\n\t\t\t\t\t\t\t\t\t\t\t\t\t\t\t<\/div>\n\t\t\t\t<\/div>\n\t\t\t\t<\/div>\n\t\t<div class=\"elementor-element elementor-element-1e10319 e-con-full e-flex e-con e-child\" data-id=\"1e10319\" data-element_type=\"container\">\n\t\t\t\t<div class=\"elementor-element elementor-element-2aefbd9 elementor-widget elementor-widget-text-editor\" data-id=\"2aefbd9\" data-element_type=\"widget\" data-widget_type=\"text-editor.default\">\n\t\t\t\t<div class=\"elementor-widget-container\">\n\t\t\t\t\t\t\t\t\t<h2 id=\"title\" class=\"a-spacing-none a-text-normal\"><span id=\"productTitle\" class=\"a-size-extra-large celwidget\" data-csa-c-id=\"z40kgn-y93d4x-f6rnmw-f30wdy\" data-cel-widget=\"productTitle\">From the Jaws of Victory: A History of Football&#8217;s Nearly Men<\/span><\/h2><p>\u201cTales that drive to the heart of football \u2026 A great read, to be taken gently \u2014 at the risk of a tear\u201d<br \/>Barry Davies<br \/><br \/>&#8220;These delightful stories are written with a tenderness if not genuine love for their fateful subjects. Sometimes heart-breaking, often heart-warming and always enthralling&#8221;<br \/>John Motson<br \/><br \/>Featuring: Scott Murray, John Ashdown, Andi Thomas, Patrick Barclay, Rob MacDonald, Daniel Chapman, Adam Bushby, Rob Langham, Stuart Fuller, Daniel Storey, Richard Hall, John Brewin, Emanuel Rosu, Daniel Gray, Michael Gibbons, Giancarlo Rinaldi, Terry Duffelen, Nicky Bandini, John Nicholson, Marcela Mora y Araujo, Brooks Peck, Filipe d&#8217;Avillez and Neil Atkinson.<br \/><br \/>Not all the greats get what they deserve.<br \/><br \/>Through the eyes of the UK&#8217;s finest sports writers, From the Jaws of Victory pays homage to club and international sides who captivated, inspired and astounded in equal measure, only to fall short of football\u2019s biggest prizes.<br \/><br \/>The destination of these stories may be the same, but the journeys are equally glorious. The three best teams never to have won the World Cup can be found here \u2014 Hungary\u2019s Golden Squad of 1954, the Netherlands\u2019 Total Football exponents of 1974 and Brazil\u2019s celebrated 1982 vintage \u2014 along with brilliant club sides through the ages, from Bolton Wanderers, humbled in the Matthews final of 1953, to Liverpool, devastated as the Premier League slipped from their grasp in 2014.<br \/><br \/>This comprehensive history ensures that though these teams might not have their names on the trophies, their influence on the game remains undimmed.<\/p>\t\t\t\t\t\t\t\t<\/div>\n\t\t\t\t<\/div>\n\t\t\t\t<\/div>\n\t\t\t\t\t<\/div>\n\t\t\t\t<\/div>\n\t\t<div class=\"elementor-element elementor-element-0aa5b2a e-flex e-con-boxed e-con e-parent\" data-id=\"0aa5b2a\" data-element_type=\"container\">\n\t\t\t\t\t<div class=\"e-con-inner\">\n\t\t<div class=\"elementor-element elementor-element-d304dcf e-con-full e-flex e-con e-child\" data-id=\"d304dcf\" data-element_type=\"container\">\n\t\t\t\t<div class=\"elementor-element elementor-element-1a371a7 elementor-widget elementor-widget-image\" data-id=\"1a371a7\" data-element_type=\"widget\" data-widget_type=\"image.default\">\n\t\t\t\t<div class=\"elementor-widget-container\">\n\t\t\t\t\t\t\t\t\t\t\t\t\t\t\t\t<a href=\"https:\/\/www.wook.pt\/livro\/a-mistica-em-prosa\/17001725\" target=\"_blank\">\n\t\t\t\t\t\t\t<img loading=\"lazy\" decoding=\"async\" width=\"550\" height=\"843\" src=\"https:\/\/actualidadereligiosa.pt\/en\/wp-content\/uploads\/sites\/2\/2024\/02\/amisticaemprosa.webp\" class=\"attachment-large size-large wp-image-232\" alt=\"\" srcset=\"https:\/\/actualidadereligiosa.pt\/en\/wp-content\/uploads\/sites\/2\/2024\/02\/amisticaemprosa.webp 550w, https:\/\/actualidadereligiosa.pt\/en\/wp-content\/uploads\/sites\/2\/2024\/02\/amisticaemprosa-196x300.webp 196w\" sizes=\"(max-width: 550px) 100vw, 550px\" \/>\t\t\t\t\t\t\t\t<\/a>\n\t\t\t\t\t\t\t\t\t\t\t\t\t\t\t<\/div>\n\t\t\t\t<\/div>\n\t\t\t\t<\/div>\n\t\t<div class=\"elementor-element elementor-element-06da83b e-con-full e-flex e-con e-child\" data-id=\"06da83b\" data-element_type=\"container\">\n\t\t\t\t<div class=\"elementor-element elementor-element-ce16b0a elementor-widget elementor-widget-text-editor\" data-id=\"ce16b0a\" data-element_type=\"widget\" data-widget_type=\"text-editor.default\">\n\t\t\t\t<div class=\"elementor-widget-container\">\n\t\t\t\t\t\t\t\t\t<h2 class=\"font-medium\"><span class=\"title\">A M\u00edstica em Prosa<\/span><\/h2><h4 class=\"font-medium\">Contos benfiquistas<\/h4><p>Um conjunto de contos originais, tendo o Benfica como pano de fundo de todas as a\u00e7\u00f5es, escritos por conhecidas personalidades ligadas \u00e0s letras, \u00e0 cultura e ao clube, tais como, entre v\u00e1rios outros, Jo\u00e3o Tordo, Leonor Pinh\u00e3o, Ant\u00f3nio Costa Santos, Lu\u00eds Filipe Borges ou Pedro Baptista-Bastos.<\/p>\t\t\t\t\t\t\t\t<\/div>\n\t\t\t\t<\/div>\n\t\t\t\t<\/div>\n\t\t\t\t\t<\/div>\n\t\t\t\t<\/div>\n\t\t<div class=\"elementor-element elementor-element-5135b35 e-flex e-con-boxed e-con e-parent\" data-id=\"5135b35\" data-element_type=\"container\">\n\t\t\t\t\t<div class=\"e-con-inner\">\n\t\t<div class=\"elementor-element elementor-element-68812f4 e-con-full e-flex e-con e-child\" data-id=\"68812f4\" data-element_type=\"container\">\n\t\t\t\t<div class=\"elementor-element elementor-element-0e063b4 elementor-widget elementor-widget-image\" data-id=\"0e063b4\" data-element_type=\"widget\" data-widget_type=\"image.default\">\n\t\t\t\t<div class=\"elementor-widget-container\">\n\t\t\t\t\t\t\t\t\t\t\t\t\t\t\t\t<a href=\"https:\/\/www.wook.pt\/livro\/que-fazes-ai-fechada-filipe-d-avillez\/16270434\" target=\"_blank\">\n\t\t\t\t\t\t\t<img loading=\"lazy\" decoding=\"async\" width=\"300\" height=\"471\" src=\"https:\/\/actualidadereligiosa.pt\/en\/wp-content\/uploads\/sites\/2\/2024\/02\/quefazesaifechada.webp\" class=\"attachment-large size-large wp-image-32\" alt=\"\" srcset=\"https:\/\/actualidadereligiosa.pt\/en\/wp-content\/uploads\/sites\/2\/2024\/02\/quefazesaifechada.webp 300w, https:\/\/actualidadereligiosa.pt\/en\/wp-content\/uploads\/sites\/2\/2024\/02\/quefazesaifechada-191x300.webp 191w\" sizes=\"(max-width: 300px) 100vw, 300px\" \/>\t\t\t\t\t\t\t\t<\/a>\n\t\t\t\t\t\t\t\t\t\t\t\t\t\t\t<\/div>\n\t\t\t\t<\/div>\n\t\t\t\t<\/div>\n\t\t<div class=\"elementor-element elementor-element-c746e3f e-con-full e-flex e-con e-child\" data-id=\"c746e3f\" data-element_type=\"container\">\n\t\t\t\t<div class=\"elementor-element elementor-element-40b487d elementor-widget elementor-widget-text-editor\" data-id=\"40b487d\" data-element_type=\"widget\" data-widget_type=\"text-editor.default\">\n\t\t\t\t<div class=\"elementor-widget-container\">\n\t\t\t\t\t\t\t\t\t<h2 class=\"wp-block-heading\">Que fazes a\u00ed fechada<\/h2><p>Ao longo de oito entrevistas, ficamos a conhecer a voca\u00e7\u00e3o das religiosas portuguesas do nosso s\u00e9culo XXI. As perguntas, simples, directas e sem medo, s\u00e3o respondias com a mesma simplicidade, rectid\u00e3o e abertura. Este segundo t\u00edtulo da Colec\u00e7\u00e3o Adro traz-nos a realidade actual da vida consagrada, sem preconceitos e pela voz de quem decidiu mudar radicalmente de vida.<\/p><p><strong>Esgotado em livraria, contacte-me<\/strong><\/p>\t\t\t\t\t\t\t\t<\/div>\n\t\t\t\t<\/div>\n\t\t\t\t<\/div>\n\t\t\t\t\t<\/div>\n\t\t\t\t<\/div>\n\t\t<div class=\"elementor-element elementor-element-80dba55 e-flex e-con-boxed e-con e-parent\" data-id=\"80dba55\" data-element_type=\"container\">\n\t\t\t\t\t<div class=\"e-con-inner\">\n\t\t<div class=\"elementor-element elementor-element-5befebb e-con-full e-flex e-con e-child\" data-id=\"5befebb\" data-element_type=\"container\">\n\t\t\t\t<div class=\"elementor-element elementor-element-bd61f0e elementor-widget elementor-widget-image\" data-id=\"bd61f0e\" data-element_type=\"widget\" data-widget_type=\"image.default\">\n\t\t\t\t<div class=\"elementor-widget-container\">\n\t\t\t\t\t\t\t\t\t\t\t\t\t\t\t\t<a href=\"https:\/\/www.livroshorizonte.pt\/produto\/armando-torre-do-vale\/\" target=\"_blank\">\n\t\t\t\t\t\t\t<img loading=\"lazy\" decoding=\"async\" width=\"503\" height=\"757\" src=\"https:\/\/actualidadereligiosa.pt\/en\/wp-content\/uploads\/sites\/2\/2024\/02\/capa-frente-ATV.jpg\" class=\"attachment-large size-large wp-image-242\" alt=\"\" srcset=\"https:\/\/actualidadereligiosa.pt\/en\/wp-content\/uploads\/sites\/2\/2024\/02\/capa-frente-ATV.jpg 503w, https:\/\/actualidadereligiosa.pt\/en\/wp-content\/uploads\/sites\/2\/2024\/02\/capa-frente-ATV-199x300.jpg 199w\" sizes=\"(max-width: 503px) 100vw, 503px\" \/>\t\t\t\t\t\t\t\t<\/a>\n\t\t\t\t\t\t\t\t\t\t\t\t\t\t\t<\/div>\n\t\t\t\t<\/div>\n\t\t\t\t<\/div>\n\t\t<div class=\"elementor-element elementor-element-a0ab96f e-con-full e-flex e-con e-child\" data-id=\"a0ab96f\" data-element_type=\"container\">\n\t\t\t\t<div class=\"elementor-element elementor-element-ea1a6b0 elementor-widget elementor-widget-text-editor\" data-id=\"ea1a6b0\" data-element_type=\"widget\" data-widget_type=\"text-editor.default\">\n\t\t\t\t<div class=\"elementor-widget-container\">\n\t\t\t\t\t\t\t\t\t<h2>Armando Torre do Valle<\/h2><h5>(Com Vasco d\u2019Avillez)<\/h5><p>Armando Torre do Valle foi um pioneiro da aeron\u00e1utica portuguesa. Foi o primeiro piloto civil de Mo\u00e7ambique e principal incentivador da avia\u00e7\u00e3o naquela col\u00f3nia, deixou marcas profundas na sociedade local antes de morrer, v\u00edtima de um acidente de ca\u00e7a aos 54 anos, depois de uma vida em busca de aventuras.<\/p><p>Vasco Torre do Valle d\u00b4Avillez viveu grande parte da sua vida sem saber nada do seu av\u00f4. Inconformado, levou a cabo uma investiga\u00e7\u00e3o que resultou neste livro, que conta a hist\u00f3ria emocionante e surpreendente de um verdadeiro her\u00f3i portugu\u00eas, que assim merece ser recordado.<\/p><p>Armando Torre do Valle foi um pioneiro da aeron\u00e1utica portuguesa. Foi o primeiro piloto civil de Mo\u00e7ambique e principal incentivador da avia\u00e7\u00e3o naquela col\u00f3nia, deixou marcas profundas na sociedade local antes de morrer, v\u00edtima de um acidente de ca\u00e7a aos 54 anos, depois de uma vida em busca de aventuras.<\/p><p>Vasco Torre do Valle d\u00b4Avillez viveu grande parte da sua vida sem saber nada do seu av\u00f4. Inconformado, levou a cabo uma investiga\u00e7\u00e3o que resultou neste livro, que conta a hist\u00f3ria emocionante e surpreendente de um verdadeiro her\u00f3i portugu\u00eas, que assim merece ser recordado.<\/p><p>Armando Torre do Valle foi um pioneiro da aeron\u00e1utica portuguesa. Foi o primeiro piloto civil de Mo\u00e7ambique e principal incentivador da avia\u00e7\u00e3o naquela col\u00f3nia, deixou marcas profundas na sociedade local antes de morrer, v\u00edtima de um acidente de ca\u00e7a aos 54 anos, depois de uma vida em busca de aventuras.<\/p><p>Vasco Torre do Valle d\u00b4Avillez viveu grande parte da sua vida sem saber nada do seu av\u00f4. Inconformado, levou a cabo uma investiga\u00e7\u00e3o que resultou neste livro, que conta a hist\u00f3ria emocionante e surpreendente de um verdadeiro her\u00f3i portugu\u00eas, que assim merece ser recordado.<\/p><p><strong>Esgotado em livraria, contacte-me<\/strong><\/p>\t\t\t\t\t\t\t\t<\/div>\n\t\t\t\t<\/div>\n\t\t\t\t<\/div>\n\t\t\t\t\t<\/div>\n\t\t\t\t<\/div>\n\t\t<div class=\"elementor-element elementor-element-93e8055 e-flex e-con-boxed e-con e-parent\" data-id=\"93e8055\" data-element_type=\"container\">\n\t\t\t\t\t<div class=\"e-con-inner\">\n\t\t<div class=\"elementor-element elementor-element-d9863c5 e-con-full e-flex e-con e-child\" data-id=\"d9863c5\" data-element_type=\"container\">\n\t\t\t\t<div class=\"elementor-element elementor-element-565ab3d elementor-widget elementor-widget-image\" data-id=\"565ab3d\" data-element_type=\"widget\" data-widget_type=\"image.default\">\n\t\t\t\t<div class=\"elementor-widget-container\">\n\t\t\t\t\t\t\t\t\t\t\t\t\t\t\t\t<a href=\"https:\/\/www.wook.pt\/livro\/portugal-catolico-jose-eduardo-franco\/19874599\" target=\"_blank\">\n\t\t\t\t\t\t\t<img loading=\"lazy\" decoding=\"async\" width=\"550\" height=\"790\" src=\"https:\/\/actualidadereligiosa.pt\/en\/wp-content\/uploads\/sites\/2\/2024\/02\/portugalcatolico.webp\" class=\"attachment-large size-large wp-image-249\" alt=\"\" srcset=\"https:\/\/actualidadereligiosa.pt\/en\/wp-content\/uploads\/sites\/2\/2024\/02\/portugalcatolico.webp 550w, https:\/\/actualidadereligiosa.pt\/en\/wp-content\/uploads\/sites\/2\/2024\/02\/portugalcatolico-209x300.webp 209w\" sizes=\"(max-width: 550px) 100vw, 550px\" \/>\t\t\t\t\t\t\t\t<\/a>\n\t\t\t\t\t\t\t\t\t\t\t\t\t\t\t<\/div>\n\t\t\t\t<\/div>\n\t\t\t\t<\/div>\n\t\t<div class=\"elementor-element elementor-element-8a54918 e-con-full e-flex e-con e-child\" data-id=\"8a54918\" data-element_type=\"container\">\n\t\t\t\t<div class=\"elementor-element elementor-element-7bd3f43 elementor-widget elementor-widget-text-editor\" data-id=\"7bd3f43\" data-element_type=\"widget\" data-widget_type=\"text-editor.default\">\n\t\t\t\t<div class=\"elementor-widget-container\">\n\t\t\t\t\t\t\t\t\t<h1 class=\"font-medium\"><span class=\"title\">Portugal Cat\u00f3lico<\/span><\/h1><h5 class=\"subtitle\">A beleza na diversidade<\/h5><h5 class=\"authors\">de\u00a0Jos\u00e9 Eduardo Franco\u00a0e\u00a0Jos\u00e9 Carlos Seabra Pereira<\/h5><p>\u00abA presente obra n\u00e3o visa constituir mais uma contribui\u00e7\u00e3o erudita ou edificante de retrospetiva hist\u00f3rica; pretende, antes, traduzir-se num fundamentado quadro da condi\u00e7\u00e3o atual do catolicismo em Portugal. Tem, pois, por intuito primordial p\u00f4r em evid\u00eancia, com vis\u00e3o realista dos sinais de vitalidade e das limita\u00e7\u00f5es, as m\u00faltiplas facetas e as din\u00e2micas contempor\u00e2neas da comunidade cat\u00f3lica nos v\u00e1rios dom\u00ednios da vida da sociedade portuguesa. Enfim, trata-se de fazer o ponto da situa\u00e7\u00e3o das presen\u00e7as e aus\u00eancias, dos acertos e desacertos, das for\u00e7as e fraquezas das perspetivas crist\u00e3s, atrav\u00e9s de um discurso de rigor e numa escrita capaz de chegar a um vasto p\u00fablico de leitores cat\u00f3licos e n\u00e3o cat\u00f3licos, de v\u00e1rios estratos socioculturais. Gra\u00e7as a colabora\u00e7\u00e3o de dezenas de autores, vindos de diferentes gera\u00e7\u00f5es e sectores, com distintas forma\u00e7\u00f5es e op\u00e7\u00f5es entre os leigos, com v\u00e1rias sensibilidades espirituais entre os consagrados, esta obra constitui-se em polifonia sobre as mais representativas faces do catolicismo em Portugal no s\u00e9culo XXI &#8211; vozes condensadas na dic\u00e7\u00e3o de duas centenas de textos breves, intercalados com larga componente imag\u00e9tica.\u00bb<\/p>\t\t\t\t\t\t\t\t<\/div>\n\t\t\t\t<\/div>\n\t\t\t\t<\/div>\n\t\t\t\t\t<\/div>\n\t\t\t\t<\/div>\n\t\t<div class=\"elementor-element elementor-element-d0bcaa7 e-flex e-con-boxed e-con e-parent\" data-id=\"d0bcaa7\" data-element_type=\"container\">\n\t\t\t\t\t<div class=\"e-con-inner\">\n\t\t<div class=\"elementor-element elementor-element-a9af749 e-con-full e-flex e-con e-child\" data-id=\"a9af749\" data-element_type=\"container\">\n\t\t\t\t<\/div>\n\t\t<div class=\"elementor-element elementor-element-d1c2955 e-con-full e-flex e-con e-child\" data-id=\"d1c2955\" data-element_type=\"container\">\n\t\t\t\t<div class=\"elementor-element elementor-element-b7831b5 elementor-widget elementor-widget-text-editor\" data-id=\"b7831b5\" data-element_type=\"widget\" data-widget_type=\"text-editor.default\">\n\t\t\t\t<div class=\"elementor-widget-container\">\n\t\t\t\t\t\t\t\t\t<h2>As Aventuras de Cosminho \u2013 A Gloriosa Hist\u00f3ria do Benfica<\/h2><p><strong>Esgotado em livraria, contacte-me<\/strong><\/p>\t\t\t\t\t\t\t\t<\/div>\n\t\t\t\t<\/div>\n\t\t\t\t<\/div>\n\t\t\t\t\t<\/div>\n\t\t\t\t<\/div>\n\t\t<div class=\"elementor-element elementor-element-3a2e353 e-flex e-con-boxed e-con e-parent\" data-id=\"3a2e353\" data-element_type=\"container\">\n\t\t\t\t\t<div class=\"e-con-inner\">\n\t\t<div class=\"elementor-element elementor-element-12d2bdc e-con-full e-flex e-con e-child\" data-id=\"12d2bdc\" data-element_type=\"container\">\n\t\t\t\t<div class=\"elementor-element elementor-element-40888f9 elementor-widget elementor-widget-image\" data-id=\"40888f9\" data-element_type=\"widget\" data-widget_type=\"image.default\">\n\t\t\t\t<div class=\"elementor-widget-container\">\n\t\t\t\t\t\t\t\t\t\t\t\t\t\t\t\t<a href=\"https:\/\/www.wook.pt\/livro\/a-minha-palavra-favorita\/198478\" target=\"_blank\">\n\t\t\t\t\t\t\t<img loading=\"lazy\" decoding=\"async\" width=\"550\" height=\"747\" src=\"https:\/\/actualidadereligiosa.pt\/en\/wp-content\/uploads\/sites\/2\/2024\/02\/aminhapalavrafavorita.webp\" class=\"attachment-large size-large wp-image-259\" alt=\"\" srcset=\"https:\/\/actualidadereligiosa.pt\/en\/wp-content\/uploads\/sites\/2\/2024\/02\/aminhapalavrafavorita.webp 550w, https:\/\/actualidadereligiosa.pt\/en\/wp-content\/uploads\/sites\/2\/2024\/02\/aminhapalavrafavorita-221x300.webp 221w\" sizes=\"(max-width: 550px) 100vw, 550px\" \/>\t\t\t\t\t\t\t\t<\/a>\n\t\t\t\t\t\t\t\t\t\t\t\t\t\t\t<\/div>\n\t\t\t\t<\/div>\n\t\t\t\t<\/div>\n\t\t<div class=\"elementor-element elementor-element-1e2ee66 e-con-full e-flex e-con e-child\" data-id=\"1e2ee66\" data-element_type=\"container\">\n\t\t\t\t<div class=\"elementor-element elementor-element-a3ba497 elementor-widget elementor-widget-text-editor\" data-id=\"a3ba497\" data-element_type=\"widget\" data-widget_type=\"text-editor.default\">\n\t\t\t\t<div class=\"elementor-widget-container\">\n\t\t\t\t\t\t\t\t\t<h2 class=\"font-medium\"><span class=\"title\">A minha palavra favorita<\/span><\/h2><p>Um dicion\u00e1rio de palavras pessoais. Perguntando a tantos qual a sua palavra favorita, pedindo a mais d\u00ea-me a sua palavra, reunimos 90 figuras de relevo da sociedade portuguesa e as suas palavras sobre a palavra. Escolhendo uma, pedimos: defina-a, d\u00ea-lhe luz, troque-lhe as s\u00edlabas, escreva um poema, lembre o cheiro das letras. E eles fizeram-no. Do ad\u00e1gio de Sofia Louren\u00e7o, \u00e0 voz de Lu\u00eds Adriano Carlos, passando pelo amor, pela poesia, pela \u00e1gua, pela casa, pelo corpo, pela morte e pela pr\u00f3pria palavra; com escolhas t\u00e3o surpreendentes como obsidiana, mil\u00e1grima, upabiluca, calicatri e encertar, aqui se apresentam as mais certas.<br \/><br \/>Um dicion\u00e1rio t\u00e3o novo: um dicion\u00e1rio de palavras pessoais que convida o leitor a eleger tamb\u00e9m a sua palavra mais bela e a fazer o exerc\u00edcio de lhe dar outras palavras.<\/p>\t\t\t\t\t\t\t\t<\/div>\n\t\t\t\t<\/div>\n\t\t\t\t<\/div>\n\t\t\t\t\t<\/div>\n\t\t\t\t<\/div>\n\t\t\t\t<\/div>\n\t\t","protected":false},"excerpt":{"rendered":"<p>Temas de \u00c9tica \u2013 Reflex\u00f5es e Desafios\u00a0 \u00c9 o resultado do prop\u00f3sito de contribuir<span class=\"more-dots\">&#8230;<\/span><\/p>\n","protected":false},"author":1,"featured_media":0,"parent":0,"menu_order":0,"comment_status":"closed","ping_status":"closed","template":"","meta":{"footnotes":""},"class_list":["post-29","page","type-page","status-publish","hentry","no-post-thumbnail"],"yoast_head":"<!-- This site is optimized with the Yoast SEO plugin v25.5 - https:\/\/yoast.com\/wordpress\/plugins\/seo\/ -->\n<title>Published books - Religious News Roundup<\/title>\n<meta name=\"robots\" content=\"index, follow, max-snippet:-1, max-image-preview:large, max-video-preview:-1\" \/>\n<link rel=\"canonical\" href=\"https:\/\/actualidadereligiosa.pt\/en\/published-books\/\" \/>\n<meta property=\"og:locale\" content=\"en_US\" \/>\n<meta property=\"og:type\" content=\"article\" \/>\n<meta property=\"og:title\" content=\"Published books - Religious News Roundup\" \/>\n<meta property=\"og:description\" content=\"Temas de \u00c9tica \u2013 Reflex\u00f5es e Desafios\u00a0 \u00c9 o resultado do prop\u00f3sito de contribuir...\" \/>\n<meta property=\"og:url\" content=\"https:\/\/actualidadereligiosa.pt\/en\/published-books\/\" \/>\n<meta property=\"og:site_name\" content=\"Religious News Roundup\" \/>\n<meta property=\"article:modified_time\" content=\"2024-02-05T18:53:23+00:00\" \/>\n<meta property=\"og:image\" content=\"https:\/\/actualidadereligiosa.pt\/en\/wp-content\/uploads\/sites\/2\/2024\/02\/TemasEtica.png\" \/>\n<meta name=\"twitter:card\" content=\"summary_large_image\" \/>\n<meta name=\"twitter:label1\" content=\"Est. reading time\" \/>\n\t<meta name=\"twitter:data1\" content=\"9 minutes\" \/>\n<script type=\"application\/ld+json\" class=\"yoast-schema-graph\">{\"@context\":\"https:\/\/schema.org\",\"@graph\":[{\"@type\":\"WebPage\",\"@id\":\"https:\/\/actualidadereligiosa.pt\/en\/published-books\/\",\"url\":\"https:\/\/actualidadereligiosa.pt\/en\/published-books\/\",\"name\":\"Published books - Religious News Roundup\",\"isPartOf\":{\"@id\":\"https:\/\/actualidadereligiosa.pt\/en\/#website\"},\"primaryImageOfPage\":{\"@id\":\"https:\/\/actualidadereligiosa.pt\/en\/published-books\/#primaryimage\"},\"image\":{\"@id\":\"https:\/\/actualidadereligiosa.pt\/en\/published-books\/#primaryimage\"},\"thumbnailUrl\":\"https:\/\/actualidadereligiosa.pt\/en\/wp-content\/uploads\/sites\/2\/2024\/02\/TemasEtica.png\",\"datePublished\":\"2024-02-03T10:41:08+00:00\",\"dateModified\":\"2024-02-05T18:53:23+00:00\",\"breadcrumb\":{\"@id\":\"https:\/\/actualidadereligiosa.pt\/en\/published-books\/#breadcrumb\"},\"inLanguage\":\"en-US\",\"potentialAction\":[{\"@type\":\"ReadAction\",\"target\":[\"https:\/\/actualidadereligiosa.pt\/en\/published-books\/\"]}]},{\"@type\":\"ImageObject\",\"inLanguage\":\"en-US\",\"@id\":\"https:\/\/actualidadereligiosa.pt\/en\/published-books\/#primaryimage\",\"url\":\"https:\/\/actualidadereligiosa.pt\/en\/wp-content\/uploads\/sites\/2\/2024\/02\/TemasEtica.png\",\"contentUrl\":\"https:\/\/actualidadereligiosa.pt\/en\/wp-content\/uploads\/sites\/2\/2024\/02\/TemasEtica.png\",\"width\":536,\"height\":872},{\"@type\":\"BreadcrumbList\",\"@id\":\"https:\/\/actualidadereligiosa.pt\/en\/published-books\/#breadcrumb\",\"itemListElement\":[{\"@type\":\"ListItem\",\"position\":1,\"name\":\"In\u00edcio\",\"item\":\"https:\/\/actualidadereligiosa.pt\/en\/\"},{\"@type\":\"ListItem\",\"position\":2,\"name\":\"Published books\"}]},{\"@type\":\"WebSite\",\"@id\":\"https:\/\/actualidadereligiosa.pt\/en\/#website\",\"url\":\"https:\/\/actualidadereligiosa.pt\/en\/\",\"name\":\"Religious News Roundup\",\"description\":\"by Filipe d&#039;Avillez\",\"potentialAction\":[{\"@type\":\"SearchAction\",\"target\":{\"@type\":\"EntryPoint\",\"urlTemplate\":\"https:\/\/actualidadereligiosa.pt\/en\/?s={search_term_string}\"},\"query-input\":{\"@type\":\"PropertyValueSpecification\",\"valueRequired\":true,\"valueName\":\"search_term_string\"}}],\"inLanguage\":\"en-US\"}]}<\/script>\n<!-- \/ Yoast SEO plugin. -->","yoast_head_json":{"title":"Published books - Religious News Roundup","robots":{"index":"index","follow":"follow","max-snippet":"max-snippet:-1","max-image-preview":"max-image-preview:large","max-video-preview":"max-video-preview:-1"},"canonical":"https:\/\/actualidadereligiosa.pt\/en\/published-books\/","og_locale":"en_US","og_type":"article","og_title":"Published books - Religious News Roundup","og_description":"Temas de \u00c9tica \u2013 Reflex\u00f5es e Desafios\u00a0 \u00c9 o resultado do prop\u00f3sito de contribuir...","og_url":"https:\/\/actualidadereligiosa.pt\/en\/published-books\/","og_site_name":"Religious News Roundup","article_modified_time":"2024-02-05T18:53:23+00:00","og_image":[{"url":"https:\/\/actualidadereligiosa.pt\/en\/wp-content\/uploads\/sites\/2\/2024\/02\/TemasEtica.png","type":"","width":"","height":""}],"twitter_card":"summary_large_image","twitter_misc":{"Est. reading time":"9 minutes"},"schema":{"@context":"https:\/\/schema.org","@graph":[{"@type":"WebPage","@id":"https:\/\/actualidadereligiosa.pt\/en\/published-books\/","url":"https:\/\/actualidadereligiosa.pt\/en\/published-books\/","name":"Published books - Religious News Roundup","isPartOf":{"@id":"https:\/\/actualidadereligiosa.pt\/en\/#website"},"primaryImageOfPage":{"@id":"https:\/\/actualidadereligiosa.pt\/en\/published-books\/#primaryimage"},"image":{"@id":"https:\/\/actualidadereligiosa.pt\/en\/published-books\/#primaryimage"},"thumbnailUrl":"https:\/\/actualidadereligiosa.pt\/en\/wp-content\/uploads\/sites\/2\/2024\/02\/TemasEtica.png","datePublished":"2024-02-03T10:41:08+00:00","dateModified":"2024-02-05T18:53:23+00:00","breadcrumb":{"@id":"https:\/\/actualidadereligiosa.pt\/en\/published-books\/#breadcrumb"},"inLanguage":"en-US","potentialAction":[{"@type":"ReadAction","target":["https:\/\/actualidadereligiosa.pt\/en\/published-books\/"]}]},{"@type":"ImageObject","inLanguage":"en-US","@id":"https:\/\/actualidadereligiosa.pt\/en\/published-books\/#primaryimage","url":"https:\/\/actualidadereligiosa.pt\/en\/wp-content\/uploads\/sites\/2\/2024\/02\/TemasEtica.png","contentUrl":"https:\/\/actualidadereligiosa.pt\/en\/wp-content\/uploads\/sites\/2\/2024\/02\/TemasEtica.png","width":536,"height":872},{"@type":"BreadcrumbList","@id":"https:\/\/actualidadereligiosa.pt\/en\/published-books\/#breadcrumb","itemListElement":[{"@type":"ListItem","position":1,"name":"In\u00edcio","item":"https:\/\/actualidadereligiosa.pt\/en\/"},{"@type":"ListItem","position":2,"name":"Published books"}]},{"@type":"WebSite","@id":"https:\/\/actualidadereligiosa.pt\/en\/#website","url":"https:\/\/actualidadereligiosa.pt\/en\/","name":"Religious News Roundup","description":"by Filipe d&#039;Avillez","potentialAction":[{"@type":"SearchAction","target":{"@type":"EntryPoint","urlTemplate":"https:\/\/actualidadereligiosa.pt\/en\/?s={search_term_string}"},"query-input":{"@type":"PropertyValueSpecification","valueRequired":true,"valueName":"search_term_string"}}],"inLanguage":"en-US"}]}},"_links":{"self":[{"href":"https:\/\/actualidadereligiosa.pt\/en\/wp-json\/wp\/v2\/pages\/29","targetHints":{"allow":["GET"]}}],"collection":[{"href":"https:\/\/actualidadereligiosa.pt\/en\/wp-json\/wp\/v2\/pages"}],"about":[{"href":"https:\/\/actualidadereligiosa.pt\/en\/wp-json\/wp\/v2\/types\/page"}],"author":[{"embeddable":true,"href":"https:\/\/actualidadereligiosa.pt\/en\/wp-json\/wp\/v2\/users\/1"}],"replies":[{"embeddable":true,"href":"https:\/\/actualidadereligiosa.pt\/en\/wp-json\/wp\/v2\/comments?post=29"}],"version-history":[{"count":55,"href":"https:\/\/actualidadereligiosa.pt\/en\/wp-json\/wp\/v2\/pages\/29\/revisions"}],"predecessor-version":[{"id":288,"href":"https:\/\/actualidadereligiosa.pt\/en\/wp-json\/wp\/v2\/pages\/29\/revisions\/288"}],"wp:attachment":[{"href":"https:\/\/actualidadereligiosa.pt\/en\/wp-json\/wp\/v2\/media?parent=29"}],"curies":[{"name":"wp","href":"https:\/\/api.w.org\/{rel}","templated":true}]}}